{"id":470,"date":"2025-01-17T08:30:20","date_gmt":"2025-01-17T08:30:20","guid":{"rendered":"https:\/\/lter.sav.sk\/?page_id=470"},"modified":"2025-02-24T10:06:30","modified_gmt":"2025-02-24T10:06:30","slug":"publications","status":"publish","type":"page","link":"https:\/\/lter.sav.sk\/index.php\/en\/publications\/","title":{"rendered":"Publications"},"content":{"rendered":"\n<h3 class=\"wp-block-heading\"><strong>Selected<\/strong> <strong>eLTER a&nbsp;ILTER publications<\/strong><\/h3>\n\n\n\n<p class=\"has-text-align-left\">Haase,&nbsp;P., Tonkin, J.D., Stoll,&nbsp;S., Burkhard,&nbsp;B., Frenzel,&nbsp;M., &nbsp;Geijzendorffer,&nbsp;R., &nbsp;H\u00e4user,&nbsp;C., Klotz, S., K\u00fchn,&nbsp;I.,&nbsp;McDowell,&nbsp;W.H., Mirtl,&nbsp;M., M\u00fcller,&nbsp;F., Musche, M.,  Penner,&nbsp;J., Zacharias, S., Schmeller, D.S., 2018: The next generation of site-based long-term ecological monitoring: linking essential biodiversity variables and ecosystem integrity. &#8211; Sci. Total Environ.&nbsp;613:&nbsp;1376-1384. &#8211; <a href=\"https:\/\/doi.org\/10.1016\/j.scitotenv.2017.08.111\" target=\"_blank\" rel=\"noreferrer noopener\">https:\/\/doi.org\/10.1016\/j.scitotenv.2017.08.111<\/a><\/p>\n\n\n\n<p>Metzger, M.J., Bunce, R., van Eupen, M., Mirtl, M., 2010: An assessment of long term ecosystem research activities across European socio-ecological gradients. &#8211; J. Environ. Manag. 91, 6: 1357\u20131365. &#8211; <a href=\"https:\/\/doi.org\/10.1016\/j.jenvman.2010.02.017\" target=\"_blank\" rel=\"noreferrer noopener\">https:\/\/doi.org\/10.1016\/j.jenvman.2010.02.017<\/a><\/p>\n\n\n\n<p>Mirtl, M., 2010: Introducing the next generation of ecosystem research in Europe: LTER-Europe&#8217;s multi-functional and multi-scale approach. \u2013 In: M\u00fcller, F., Baessler, C., Schubert, H., Klotz, S. (eds) Long-Term Ecological Research. Springer, Dordrecht: 75-93. <a href=\"https:\/\/doi.org\/10.1007\/978-90-481-8782-9_6\" target=\"_blank\" rel=\"noreferrer noopener\">https:\/\/doi.org\/10.1007\/978-90-481-8782-9_6<\/a><\/p>\n\n\n\n<p>Mirtl, M., Borer, E.T., Djukic, I.,Forsius, M., Haubold, H., Hugo, W., Jourdan, J., Lindenmayer, D., McDowell, W.H., Muraoka, H., Orenstein, D.E., Pauw, J.C., Peterseil, J., Shibata, H., Wohner, C., Yu, X., Haase, P., 2018: Genesis, goals and achievements of Long-Term Ecological Research at the global scale: A critical review of ILTER and future directions. &#8211; <a href=\"https:\/\/www.sciencedirect.com\/journal\/science-of-the-total-environment\" target=\"_blank\" rel=\"noreferrer noopener\">Science of the Total Environment<\/a> 626: 1439 \u2013 1462. &#8211; <a href=\"https:\/\/doi.org\/10.1016\/j.scitotenv.2017.12.001\" target=\"_blank\" rel=\"noreferrer noopener\">https:\/\/doi.org\/10.1016\/j.scitotenv.2017.12.001<\/a><\/p>\n\n\n\n<p>Mollenhauer,&nbsp;H., Kasner, M., Haase,&nbsp;P., Peterseil,&nbsp;J., Wohner, Ch., Frenzel,&nbsp;M., Mirtl,&nbsp;M., Schima,&nbsp;R., Bumberger,&nbsp;J., Zacharias, S., 2018: Long-term environmental monitoring infrastructures in Europe: observations, measurements, scales, and socio-ecological representativeness. Science of the Total Environment 624: 968-978 &#8211; <a href=\"https:\/\/doi.org\/10.1016\/j.scitotenv.2017.12.095\" target=\"_blank\" rel=\"noreferrer noopener\">https:\/\/doi.org\/10.1016\/j.scitotenv.2017.12.095<\/a><\/p>\n\n\n\n<p>M\u00fcller,&nbsp;F., Baessler,&nbsp;C., Schubert,&nbsp;H., Klotz, S., (eds.),&nbsp;2010: Long-Term Ecological Research: Between Theory and Application. &#8211; Springer Netherlands,&nbsp;Dordrecht:&nbsp;75-93. <a href=\"https:\/\/doi.org\/10.1007\/978-90-481-8782-9_1\" target=\"_blank\" rel=\"noreferrer noopener\">https:\/\/doi.org\/10.1007\/978-90-481-8782-9_1<\/a><\/p>\n\n\n\n<p>Ohnemus, T., Zacharias, S., Dirnb\u00f6ck, T., B\u00e4ck, J., Brack, W., Forsius, M., Mallast, U., Nikolaidis, N.P., Peterseil, J., Piscart, Ch., Pando, F., Ter\u00e1n, Ch.P., Mirtl, M., 2024: The eLTER research infrastructure: Current design and coverage of environmental and socio-ecological gradients. &#8211; Environmental and Sustainability Indicators 23, 100456. &nbsp;<a href=\"https:\/\/doi.org\/10.1016\/j.indic.2024.100456%20\" target=\"_blank\" rel=\"noreferrer noopener\">https:\/\/doi.org\/10.1016\/j.indic.2024.100456<\/a><\/p>\n\n\n\n<p>Parr,&nbsp;T.W., Ferretti,&nbsp;M.,&nbsp;Simpson,&nbsp;I.C., Forsius,&nbsp;M., Kovacs-Lang, E., 2002: Towards a long-term integrated monitoring programme in Europe: network design in theory and practice. &#8211; &nbsp;Environ. Monit. Assess.&nbsp;78,&nbsp;3:&nbsp;253-290. &#8211; <a href=\"https:\/\/doi.org\/10.1023\/A:1019934919140\" target=\"_blank\" rel=\"noreferrer noopener\">https:\/\/doi.org\/10.1023\/A:1019934919140<\/a><\/p>\n\n\n\n<p>Stoll,&nbsp;S., Frenzel,&nbsp;M., Burkhard,&nbsp;B., Adamescu,&nbsp;M., Augustaitis,&nbsp;A., Baessler,&nbsp;C., Bonet,&nbsp;F.J., Carranza,&nbsp;M.L., Cazacu,&nbsp;C., Cosor,&nbsp;G.L., Diaz- Delgado,&nbsp;R., Grandin,&nbsp;U. Haase,&nbsp;P., Hamalainen,&nbsp;H., Loke,&nbsp;R., Muller,&nbsp;J., Stanisci,&nbsp;A., Staszewski,&nbsp;T., Muller, F., 2015: Assessment of ecosystem integrity and service gradients across Europe using the LTER Europe network. &#8211; Ecol. Model.&nbsp;295: 75-87. &#8211; <a href=\"https:\/\/doi.org\/10.1016\/j.ecolmodel.2014.06.019\" target=\"_blank\" rel=\"noreferrer noopener\">https:\/\/doi.org\/10.1016\/j.ecolmodel.2014.06.019<\/a><\/p>\n\n\n\n<p>Vanderbilt,&nbsp;K., Gaiser, E., 2017: The international long term ecological research network: a platform for collaboration. &#8211; Ecosphere&nbsp;8,&nbsp;2, (e01697.10.1002\/ecs2.1697)<\/p>\n\n\n\n<p>Wohner, C., Peterseil, J., Poursanidis, D., Kliment, T., Wilson, M., Mirtl, M., Chrysoulakis, N., 2019. DEIMS-SDR \u2013 a web portal to document research sites and their associated data. &#8211; Ecol. Inf. 51: 15\u201324. <a href=\"https:\/\/doi.org\/10.1016\/j.ecoinf.2019.01.005\" target=\"_blank\" rel=\"noreferrer noopener\">https:\/\/doi.org\/10.1016\/j.ecoinf.2019.01.005<\/a><\/p>\n\n\n\n<p><strong>WAILS theoretical background<\/strong><\/p>\n\n\n\n<p>Collins, S.L., Carpenter, S.R., Swinton, S.M., Orenstein, D.E., Childers, D.L., Gragson, T.L., Grimm, N.B., Grove, J.M., Harlan, S.L., Kaye, J.P., Knapp, A.K., Kofinas, G.P., Magnuson, J.J., McDowell, W.H., Melack, J.M., Ogden, L.A., Robertson, G.P., Smith, M.D. and Whitmer, A.C., 2011: An integrated conceptual framework for long-term social\u2013ecological research. &#8211; Frontiers in Ecology and the Environment, 9: 351-357.&nbsp;<a href=\"https:\/\/doi.org\/10.1890\/100068\" target=\"_blank\" rel=\"noreferrer noopener\">https:\/\/doi.org\/10.1890\/100068<\/a><\/p>\n\n\n\n<p>Heffernan, J.B., Soranno, P.A., Angilletta, M.J., Jr, Buckley, L.B., Gruner, D.S., Keitt, T.H., Kellner, J.R., Kominoski, J.S., Rocha, A.V., Xiao, J., Harms, T.K., Goring, S.J., Koenig, L.E., McDowell, W.H., Powell, H., Richardson, A.D., Stow, C.A., Vargas, R. and Weathers, K.C. (2014), Macrosystems ecology: understanding ecological patterns and processes at continental scales. Frontiers in Ecology and the Environment, 12: 5-14.&nbsp;<a href=\"https:\/\/doi.org\/10.1890\/130017\" target=\"_blank\" rel=\"noreferrer noopener\">https:\/\/doi.org\/10.1890\/130017<\/a><\/p>\n\n\n\n<p><strong>Socio-ecological research<\/strong><\/p>\n\n\n\n<p>Dick,&nbsp;J.,&nbsp;Orenstein,&nbsp;D.,&nbsp;Holzer,&nbsp;J.,&nbsp;Wohner&nbsp;Ch.,&nbsp;Achard&nbsp;A.L.,&nbsp;Andrews,&nbsp;Ch.,&nbsp;Avriel-Avni, N., Beja,&nbsp;P., Blond, N., Cabello, J.,i,&nbsp;Chen,&nbsp;Ch.,&nbsp;D\u00edaz-Delgado,&nbsp;R.,&nbsp;Giannakis,&nbsp;G. V.&nbsp;l, Gingrich, S., Izakovicova, Z., Krauze,&nbsp;K.,&nbsp;Lamouroux,&nbsp;N.,&nbsp;Leca,&nbsp;S.,&nbsp;Melecis,&nbsp;V.,&nbsp;Mikl\u00f3s,&nbsp;K., van Ryckegem,&nbsp;G., 2018: What is socio-ecological research delivering? A literature survey across 25 international LTSER platforms. &#8211; <a href=\"https:\/\/www.sciencedirect.com\/journal\/science-of-the-total-environment\" target=\"_blank\" rel=\"noreferrer noopener\">Science of The Total Environment<\/a> 622-623: 1225-1240. <a href=\"https:\/\/doi.org\/10.1016\/j.scitotenv.2017.11.324\" target=\"_blank\" rel=\"noreferrer noopener\">https:\/\/doi.org\/10.1016\/j.scitotenv.2017.11.324<\/a><\/p>\n\n\n\n<p>Haberl,&nbsp;H., Winiwarter,&nbsp;V., Andersson,&nbsp;K., Ayres,&nbsp;R.U., Boone,&nbsp;C., Castillo,&nbsp;A., Cunfer,&nbsp;G., Fischer-Kowalski,&nbsp;R.U., Freudenburg,&nbsp;W.R., Furman,&nbsp;E., Kaufmann,&nbsp;R., Krausmann,&nbsp;F., Langthaler,&nbsp;E., Lotze-Campen,&nbsp;M.&nbsp;H., Mirtl,&nbsp;M., Redman,&nbsp;C.L.,&nbsp;Reenberg,&nbsp;A.,&nbsp;Wardell,&nbsp;A., Warr,&nbsp;B., Zechmeister, H., 2006: From LTER to LTSER: conceptualizing the socioeconomic dimension of long-term socioecological research. &#8211; Ecol. Soc.&nbsp;11,&nbsp;2. &#8211; <a href=\"https:\/\/www.jstor.org\/stable\/26266031\" target=\"_blank\" rel=\"noreferrer noopener\">https:\/\/www.jstor.org\/stable\/26266031<\/a><\/p>\n\n\n\n<p>Redman,&nbsp;C.L.,&nbsp;Grove,&nbsp;J.M.,&nbsp;Kuby, L.H., 2004: Integrating social science into the long-term ecological research (LTER) network: social dimensions of ecological change and ecological dimensions of social change. &#8211; Ecosystems&nbsp;7,&nbsp;2:&nbsp;161-171. &#8211; <a href=\"https:\/\/doi.org\/10.1007\/s10021-003-0215-z\" target=\"_blank\" rel=\"noreferrer noopener\">https:\/\/doi.org\/10.1007\/s10021-003-0215-z<\/a><\/p>\n\n\n\n<p><a href=\"https:\/\/link.springer.com\/book\/10.1007\/978-94-007-1177-8#author-1-0\" target=\"_blank\" rel=\"noreferrer noopener\">Singh<\/a>,&nbsp;S.J., Haberl, H., <a href=\"https:\/\/link.springer.com\/book\/10.1007\/978-94-007-1177-8#author-1-2\" target=\"_blank\" rel=\"noreferrer noopener\">Chertow<\/a>,&nbsp;M., <a href=\"https:\/\/link.springer.com\/book\/10.1007\/978-94-007-1177-8#author-1-3\" target=\"_blank\" rel=\"noreferrer noopener\">Mirtl<\/a>,&nbsp;M., <a href=\"https:\/\/link.springer.com\/book\/10.1007\/978-94-007-1177-8#author-1-4\" target=\"_blank\" rel=\"noreferrer noopener\">Schmid<\/a>, M., 2013: Long Term Socio-Ecological Research. Studies in Society-Nature Interactions Across Spatial and Temporal Scales. &#8211; Springer Dordrecht, 590 pp. &#8211; <a href=\"https:\/\/doi.org\/10.1007\/978-94-007-1177-8\" target=\"_blank\" rel=\"noreferrer noopener\">https:\/\/doi.org\/10.1007\/978-94-007-1177-8<\/a><\/p>\n\n\n\n<h3 class=\"wp-block-heading\"><strong>LTER Slovakia publications<\/strong><\/h3>\n\n\n\n<p>\u017divotn\u00e9 prostredie 2016, 50, No. 1: <a href=\"https:\/\/publikacie.uke.sav.sk\/taxonomy\/term\/895\" target=\"_blank\" rel=\"noreferrer noopener\">https:\/\/publikacie.uke.sav.sk\/taxonomy\/term\/895<\/a><\/p>\n\n\n\n<p>\u017divotn\u00e9 prostredie 2016, 50, No. 2: <a href=\"https:\/\/publikacie.uke.sav.sk\/taxonomy\/term\/896\" target=\"_blank\" rel=\"noreferrer noopener\">https:\/\/publikacie.uke.sav.sk\/taxonomy\/term\/896<\/a><\/p>\n\n\n\n<h3 class=\"wp-block-heading\"><strong>Selected publications from LTER Slovakia sites and platforms<\/strong><\/h3>\n\n\n\n<p><strong>B\u00e1b<\/strong><\/p>\n\n\n\n<p>Eli\u00e1\u0161, P., Oszl\u00e1nyi, J., Matu\u0161icov\u00e1, N., Gerh\u00e1tov\u00e1, K., Halada, \u013d., 2016: Dubovo-hrabov\u00fd les v lokalite B\u00e1b (juhoz\u00e1padn\u00e9 Slovensko) \u2013 b\u00fdval\u00e1 v\u00fdskumn\u00e1 plocha Medzin\u00e1rodn\u00e9ho biologick\u00e9ho programu na Slovensku. &#8211; \u017divotn\u00e9 prostredie 50, 1: 10-17. &nbsp;<a href=\"https:\/\/publikacie.uke.sav.sk\/taxonomy\/term\/895\" target=\"_blank\" rel=\"noreferrer noopener\">https:\/\/publikacie.uke.sav.sk\/taxonomy\/term\/895<\/a><\/p>\n\n\n\n<p>Gajdo\u0161, P., Halada, \u013d., Eli\u00e1\u0161, P., Elia\u0161ov\u00e1, M., Ambros, M., Bal\u00e1\u017e, I., Bolti\u017eiar, M., David, S., Gerh\u00e1tov\u00e1, K., Halabuk, A., Majzlan, O., Petrovi\u010d, F., \u0160i\u0161ka, B., 2016: Dlhodob\u00fd ekologick\u00fd v\u00fdskum na lokalite B\u00e1b (juhoz\u00e1padn\u00e9 Slovensko). &#8211; \u017divotn\u00e9 prostredie 50, 1: 18-25.&nbsp; <a href=\"https:\/\/publikacie.uke.sav.sk\/taxonomy\/term\/895\" target=\"_blank\" rel=\"noreferrer noopener\">https:\/\/publikacie.uke.sav.sk\/taxonomy\/term\/895<\/a><\/p>\n\n\n\n<p><strong>Po\u013eana Biosphere Reserve (Hukavsky gr\u00fa\u0148)<\/strong><\/p>\n\n\n\n<p>Pavlenda, P., \u010caboun, V., 2016: <a href=\"http:\/\/publikacie.uke.sav.sk\/node\/4017\" target=\"_blank\" rel=\"noreferrer noopener\">Monitorovacia plocha Po\u013eana\u2013Hukavsk\u00fd gr\u00fa\u0148 \u2013 objekt v\u00fdskumu v sieti ICP Forests a LTER<\/a>. &#8211; \u017divotn\u00e9 prostredie 50, 1: 26-31 <a href=\"https:\/\/publikacie.uke.sav.sk\/taxonomy\/term\/895\" target=\"_blank\" rel=\"noreferrer noopener\">https:\/\/publikacie.uke.sav.sk\/taxonomy\/term\/895<\/a><\/p>\n\n\n\n<p><strong>Kremnick\u00e9 vrchy Ecological Experimental Station<\/strong><\/p>\n\n\n\n<p>Barna, M., 2016: Dlhodob\u00fd v\u00fdskum a Ekologick\u00fd experiment\u00e1lny stacion\u00e1r v Kremnick\u00fdch vrchoch. &#8211; \u017divotn\u00e9 prostredie 50, 1: 32-39 <a href=\"https:\/\/publikacie.uke.sav.sk\/taxonomy\/term\/895\" target=\"_blank\" rel=\"noreferrer noopener\">https:\/\/publikacie.uke.sav.sk\/taxonomy\/term\/895<\/a><\/p>\n\n\n\n<p><strong>Jaloveck\u00e1 dolina<\/strong><\/p>\n\n\n\n<p>Bowman, W.D., Cleveland, C.C., Halada, \u013d., Hre\u0161ko, J., Baron, J.S., 2008: Negative impact of nitrogen deposition on soil buffering capacity. &#8211; Nature Geoscience 1: 767-770. &#8211; <a href=\"https:\/\/doi.org\/10.1038\/ngeo339\" target=\"_blank\" rel=\"noreferrer noopener\">https:\/\/doi.org\/10.1038\/ngeo339<\/a><\/p>\n\n\n\n<p>Halada, \u013d., David, S., Halabuk, A., 2009: Vegetation Structure and Aboveground Biomass at Mt. Salat\u00edn Long-Term Ecological Research Site, the West Tatra Mts., Slovakia. \u2013 Ekol\u00f3gia (Bratislava) 28, 2: 113-126. <a href=\"https:\/\/publikacie.uke.sav.sk\/taxonomy\/term\/896\" target=\"_blank\" rel=\"noreferrer noopener\">https:\/\/publikacie.uke.sav.sk\/taxonomy\/term\/896<\/a><\/p>\n\n\n\n<p>Halada, \u013d., Z\u00e1hora, J., Gajdo\u0161, P., Hre\u0161ko, J., T\u016fma, I., David, S., Mojses, M., Bug\u00e1r, G., Koh\u00fat F., Bolti\u017eiar, M., Majzlan, O., 2016: Alp\u00ednske l\u00faky Z\u00e1padn\u00fdch Tatier pod vplyvom dlhodob\u00e9ho zne\u010distenia ovzdu\u0161ia. &#8211; \u017divotn\u00e9 prostredie, Bratislava, 50, 2: 72 \u2013 80. <a href=\"https:\/\/publikacie.uke.sav.sk\/taxonomy\/term\/896\" target=\"_blank\" rel=\"noreferrer noopener\">https:\/\/publikacie.uke.sav.sk\/taxonomy\/term\/896<\/a><\/p>\n\n\n\n<p>Holko L, Danko M, Sleziak P., 2021: Snowmelt characteristics in a pristine mountain catchment of the Jaloveck\u00fd Creek, Slovakia, over the last three decades. &#8211; Hydrological Processes 35: e14128. <a href=\"https:\/\/doi.org\/10.1002\/hyp.14128\">https:\/\/doi.org\/10.1002\/hyp.14128<\/a><\/p>\n\n\n\n<p>Jan\u010do, M., Danko, M., Sleziak, P., Holko, L., 2024: Estimation of the leaf area index in a decline spruce forest in the Western Tatra Mountains for determination of rainfall interception. &#8211; Acta Hydrologica Slovaca 25, 1: 106 \u2013 114. DOI: 10.31577\/ahs-2024-0025.01.0012<\/p>\n\n\n\n<p><strong>Tatra National Park<\/strong><\/p>\n\n\n\n<p>Fleischer, P. sr., Homolov\u00e1, Z., 2016: <a href=\"http:\/\/publikacie.uke.sav.sk\/node\/4015\" target=\"_blank\" rel=\"noreferrer noopener\">Tatry ako objekt dlhodob\u00e9ho ekologick\u00e9ho v\u00fdskumu pr\u00edrodn\u00fdch disturbanci\u00ed<\/a>. &#8211; \u017divotn\u00e9 prostredie, Bratislava, 50, 1: 40-43. <a href=\"https:\/\/publikacie.uke.sav.sk\/taxonomy\/term\/895\" target=\"_blank\" rel=\"noreferrer noopener\">https:\/\/publikacie.uke.sav.sk\/taxonomy\/term\/895<\/a><\/p>\n\n\n\n<p><strong>Tatras \u2013 alpine summits<\/strong><\/p>\n\n\n\n<p>Dullinger, S., Kleinbauer, I., Pauli, H., Gottfried, M., Brooker, R., Nagy, L., Theurillat, J.-P., Holten, J. I., Abdaladze, O., Benito, J.-L., Borel, J.-L., Coldea, G., Ghosn, D., Kanka, R., Merzouki, A., Klettner, C., Moiseev, P., Molau, U., Reiter, K., Rossi, G., Stanisci, A., Tomaselli, M., Unterlugauer, P., Vittoz, P., Grabherr, G.: Weak and Variable Relationships between Environmental Severity and Small-Scale Co-Occurrence in Alpine Plant Communities. Journal of Ecology, 2007, 95, 6, p. 1284 \u2013 1295.<\/p>\n\n\n\n<p>Gottfried, M., Pauli, H., Futschik, A., Akhalkatsi, M., Baran\u010dok, P., Alonso, J. L. B., Coldea, G., Dick, J., Erschbamer, B., Calzado, M. R. F., Kazakis, G., Kraj\u010d\u00ed, J., Larsson, P., Mallaun, M., Michelsen, O., Moiseev, D., Moiseev, P., Molau, U., Merzouki, A., Nagy, L., Nakhutsrishvili, G., Pedersen, B., Pelino, G., Puscas, M., Rossi, G., Stanisci, A., Theurillat, J.-P., Tomaselli, M., Villar, L., Vittoz, P., Vogiatzakis, I., Grabherr, G.: Continent-Wide Response of Mountain Vegetation to Climate Change. Nature Climate Change, 2012, 2, p. 1 \u2013 31.<\/p>\n\n\n\n<p>Koll\u00e1r, J., Kanka, R., Baran\u010dok, P., 2016: <a href=\"http:\/\/publikacie.uke.sav.sk\/node\/4013\" target=\"_blank\" rel=\"noreferrer noopener\">Plochy iniciat\u00edvy GLORIA na Slovensku ako s\u00fa\u010das\u0165 siete LTER<\/a>. &#8211; \u017divotn\u00e9 prostredie, Bratislava, 50, 1: 44-50 <a href=\"https:\/\/publikacie.uke.sav.sk\/taxonomy\/term\/895\" target=\"_blank\" rel=\"noreferrer noopener\">https:\/\/publikacie.uke.sav.sk\/taxonomy\/term\/895<\/a><\/p>\n\n\n\n<p>Pauli, H., Gottfried, M., Dullinger, S., Abdaladze, O., Akhalkatsi, M., Alonso, J. L. B., Coldea, G., Dick, J., Erschbamer, B., Calzado, R. F., Ghosn, D., Holten, J. I., Kanka, R., Kazakis, G., Koll\u00e1r, J., Larsson, P., Moiseev, P., Moiseev, D., Molau, U., Mesa, J. M., Nagy, L., Pelino, G., Puscas, M., Rossi, G., Stanisci, A., Syverhuset, A., Theurillat, J.-P., Tomaselli, M., Unterluggauer, P., Villar, L., Vittoz, P., Grabherr, G.: Recent Plant Diversity Changes on Europe\u2019s Mountain Summits. Science, 2012, 20, p. 353 \u2013 355.<\/p>\n\n\n\n<p><strong>Kr\u00e1\u013eova ho\u013ea<\/strong><\/p>\n\n\n\n<p>Halabuk, A., Ba\u010da, A., David, S., Gerh\u00e1tov\u00e1, K., Halada, \u013d., Koh\u00fat, F., Mojses, M., Ponecov\u00e1, Z., 2016: Sledovanie vplyvu zv\u00fd\u0161enej teploty a&nbsp;depoz\u00edcie dus\u00edka na alp\u00ednske l\u00faky \u2013 v\u00fdskumn\u00e1 plocha Kr\u00e1\u013eova ho\u013ea (N\u00edzke Tatry). &#8211; \u017divotn\u00e9 prostredie 50, 1: 44-50. <a href=\"https:\/\/publikacie.uke.sav.sk\/taxonomy\/term\/895\" target=\"_blank\" rel=\"noreferrer noopener\">https:\/\/publikacie.uke.sav.sk\/taxonomy\/term\/895<\/a><\/p>\n\n\n\n<p><strong>Trnava LTSER<\/strong><\/p>\n\n\n\n<p>Dick, J., Al-Assaf, A., Andrews, Ch., Diaz-Delgado, R., Groner, E., Halada, \u013d., Izakovi\u010dov\u00e1, Z., Kert\u00e9sz, M., Khoury, F., Krasi\u0107, D., Krauze, K., Matteucci, G., Melecis, V., Mirtl, M., Orenstein, D.E., Preda, E., Santos-Reis, M., Smith, R.I., Vadineanu, A., Veseli\u0107, S., Vihervaara, P., 2014: Ecosystem services: a rapid assessment method tested at 35 sites of the LTER-Europe network. &#8211; Ekol\u00f3gia (Bratislava) 33, 3: 217-231 <a href=\"https:\/\/sciendo.com\/article\/10.2478\/eko-2014-0021\" target=\"_blank\" rel=\"noreferrer noopener\">https:\/\/sciendo.com\/article\/10.2478\/eko-2014-0021<\/a><\/p>\n\n\n\n<p>Izakovi\u010dov\u00e1, Z., 2016: <a href=\"http:\/\/publikacie.uke.sav.sk\/node\/4012\" target=\"_blank\" rel=\"noreferrer noopener\">Tridsa\u0165 rokov krajinnoekologick\u00e9ho a socioekologick\u00e9ho v\u00fdskumu v okrese Trnava<\/a>. &#8211; \u017divotn\u00e9 prostredie, Bratislava, 50, 1: 54-58 <a href=\"https:\/\/publikacie.uke.sav.sk\/taxonomy\/term\/895\" target=\"_blank\" rel=\"noreferrer noopener\">https:\/\/publikacie.uke.sav.sk\/taxonomy\/term\/895<\/a><\/p>\n\n\n\n<p>Izakovi\u010dov\u00e1, Z., Miklos, L., Spulerova, J., Dobrovodska, M., Halada, \u013d., Raniak, A., Dick, J., 2024: Data collection for assessment of the natural capital at the regional level: case study of LTSER Trnava region. &#8211; Environmental Sciences Europe 36: 65, 18 pp. <a href=\"https:\/\/doi.org\/10.1186\/s12302-024-00894-w\" target=\"_blank\" rel=\"noreferrer noopener\">https:\/\/doi.org\/10.1186\/s12302-024-00894-w<\/a><\/p>\n\n\n\n<p><strong>Poloniny National Park LTSER<\/strong><\/p>\n\n\n\n<p>Bez\u00e1k, P., Halada, \u013d., Gajdo\u0161, P., David, S., \u017dila, P., Mojses, M., Bolti\u017eiar, M., Petrovi\u010d, F., 2016: Dlhodob\u00fd socioekologick\u00fd v\u00fdskum zmien krajiny a biodiverzity v horskom \u00fazem\u00ed N\u00e1rodn\u00e9ho parku Poloniny v kontexte glob\u00e1lnych zmien. &#8211; \u017divotn\u00e9 prostredie, Bratislava, 50, 2: 90 \u2013 96. <a href=\"https:\/\/publikacie.uke.sav.sk\/taxonomy\/term\/896\" target=\"_blank\" rel=\"noreferrer noopener\">https:\/\/publikacie.uke.sav.sk\/taxonomy\/term\/896<\/a><\/p>\n\n\n\n<p>Bez\u00e1k, P., Halada, \u013d., Petrovi\u010d, F., Bolti\u017eiar, M., Oszl\u00e1nyi, J., 2007: Bukovsk\u00e9 vrchy in Slovak Carpathian Mts. \u2013 landscape changes and trends. &#8211; In: Mander, U., Helming, K., Wiggering, H. (eds.), 2007: Multifunctional Land Use &#8211; Meeting Future Demands for Landscape Goods and Services. Springer Verlag, Berlin, Heidelberg: 355-367. <a href=\"https:\/\/www.academia.edu\/111811914\/Bukovsk%C3%A9_vrchy_in_the_Slovak_Carpathian_Mountains_landscape_changes_and_trends\" target=\"_blank\" rel=\"noreferrer noopener\">https:\/\/www.academia.edu\/111811914\/Bukovsk%C3%A9_vrchy_in_the_Slovak_Carpathian_Mountains_landscape_changes_and_trends<\/a><\/p>\n","protected":false},"excerpt":{"rendered":"<p>Selected eLTER a&nbsp;ILTER publications Haase,&nbsp;P., Tonkin, J.D., Stoll,&nbsp;S., Burkhard,&nbsp;B., Frenzel,&nbsp;M., &nbsp;Geijzendorffer,&nbsp;R., &nbsp;H\u00e4user,&nbsp;C., Klotz, S., K\u00fchn,&nbsp;I.,&nbsp;McDowell,&nbsp;W.H., Mirtl,&nbsp;M., M\u00fcller,&nbsp;F., Musche, M., Penner,&nbsp;J., Zacharias, S., Schmeller, D.S., 2018: The next generation of site-based long-term ecological monitoring: linking essential biodiversity variables and ecosystem integrity. &#8211; Sci. Total Environ.&nbsp;613:&nbsp;1376-1384. &#8211; https:\/\/doi.org\/10.1016\/j.scitotenv.2017.08.111 Metzger, M.J., Bunce, R., van Eupen, M., Mirtl, M.,&#8230;<\/p>\n","protected":false},"author":1,"featured_media":0,"parent":0,"menu_order":0,"comment_status":"closed","ping_status":"closed","template":"","meta":{"_kad_post_transparent":"","_kad_post_title":"","_kad_post_layout":"","_kad_post_sidebar_id":"","_kad_post_content_style":"","_kad_post_vertical_padding":"","_kad_post_feature":"","_kad_post_feature_position":"","_kad_post_header":false,"_kad_post_footer":false,"_kad_post_classname":"","footnotes":""},"class_list":["post-470","page","type-page","status-publish","hentry"],"_links":{"self":[{"href":"https:\/\/lter.sav.sk\/index.php\/wp-json\/wp\/v2\/pages\/470","targetHints":{"allow":["GET"]}}],"collection":[{"href":"https:\/\/lter.sav.sk\/index.php\/wp-json\/wp\/v2\/pages"}],"about":[{"href":"https:\/\/lter.sav.sk\/index.php\/wp-json\/wp\/v2\/types\/page"}],"author":[{"embeddable":true,"href":"https:\/\/lter.sav.sk\/index.php\/wp-json\/wp\/v2\/users\/1"}],"replies":[{"embeddable":true,"href":"https:\/\/lter.sav.sk\/index.php\/wp-json\/wp\/v2\/comments?post=470"}],"version-history":[{"count":4,"href":"https:\/\/lter.sav.sk\/index.php\/wp-json\/wp\/v2\/pages\/470\/revisions"}],"predecessor-version":[{"id":566,"href":"https:\/\/lter.sav.sk\/index.php\/wp-json\/wp\/v2\/pages\/470\/revisions\/566"}],"wp:attachment":[{"href":"https:\/\/lter.sav.sk\/index.php\/wp-json\/wp\/v2\/media?parent=470"}],"curies":[{"name":"wp","href":"https:\/\/api.w.org\/{rel}","templated":true}]}}