{"id":91,"date":"2024-11-18T08:12:29","date_gmt":"2024-11-18T08:12:29","guid":{"rendered":"https:\/\/lter.sav.sk\/?page_id=91"},"modified":"2025-02-11T09:12:03","modified_gmt":"2025-02-11T09:12:03","slug":"projekty","status":"publish","type":"page","link":"https:\/\/lter.sav.sk\/index.php\/projekty\/","title":{"rendered":"V\u00fdskum"},"content":{"rendered":"\n<h2 class=\"wp-block-heading\">Manu\u00e1ly, protokoly a&nbsp;metodiky<\/h2>\n\n\n\n<p><a href=\"https:\/\/elter-ri.eu\/standard-observations\" target=\"_blank\" rel=\"noreferrer noopener\">eLTER Standard Observations<\/a><br>eLTER Standard Protocols&nbsp;<br><a href=\"http:\/\/icp-forests.net\/page\/icp-forests-manual\" target=\"_blank\" rel=\"noreferrer noopener\">ICP Forest manualss<\/a>&nbsp;&nbsp;<br><a href=\"https:\/\/ecn.ac.uk\/measurements\" target=\"_blank\" rel=\"noreferrer noopener\">UK ECN Protocols<\/a><br><a href=\"https:\/\/www.gvsu.edu\/itex\">International Tundra Experiment (ITEX)<\/a>&nbsp;&nbsp;&nbsp;&nbsp;&nbsp;&nbsp;&nbsp;&nbsp;&nbsp;&nbsp;&nbsp;&nbsp;&nbsp;&nbsp;&nbsp;&nbsp;&nbsp;&nbsp;&nbsp;&nbsp;&nbsp;&nbsp;&nbsp;&nbsp;&nbsp;&nbsp;&nbsp;&nbsp;&nbsp;&nbsp;&nbsp;&nbsp;&nbsp;&nbsp;&nbsp;&nbsp;&nbsp;&nbsp;&nbsp;&nbsp;&nbsp;&nbsp;&nbsp;&nbsp;&nbsp;&nbsp;&nbsp;&nbsp;&nbsp;&nbsp;<\/p>\n\n\n\n<h2 class=\"wp-block-heading\">Projekty<\/h2>\n\n\n\n<h3 class=\"wp-block-heading\">N\u00e1rodn\u00e9 projekty&nbsp;&nbsp;&nbsp;&nbsp;&nbsp;&nbsp;&nbsp;&nbsp;&nbsp;&nbsp;&nbsp;&nbsp;&nbsp;&nbsp;&nbsp;&nbsp;&nbsp;&nbsp;&nbsp;&nbsp;&nbsp;&nbsp;&nbsp;&nbsp;&nbsp;&nbsp;&nbsp;&nbsp;&nbsp;&nbsp;&nbsp;&nbsp; <\/h3>\n\n\n\n<h4 class=\"wp-block-heading\"><strong>CALTER &#8211;&nbsp; Toky uhl\u00edka v p\u00f4de hlavn\u00fdch typov lesn\u00fdch&nbsp; ekosyst\u00e9mov na v\u00fd\u0161kovom gradiente Z\u00e1padn\u00fdch Karp\u00e1t<\/strong><\/h4>\n\n\n\n<p>Projekt je financovan\u00fd grantovou agent\u00farou APVV, koordinuje ho Technick\u00e1 univerzita vo Zvolene, ved\u00facim projektu je doc. Peter Fleischer st. Ide o prv\u00fd projekt, do ktor\u00e9ho s\u00fa zapojen\u00e9 v\u0161etky in\u0161tit\u00facie koordinuj\u00face v\u00fdskum v lokalit\u00e1ch LTER Slovensko \u2013 partnermi s\u00fa N\u00e1rodn\u00e9 lesn\u00edcke centrum, \u00dastav krajinnej ekol\u00f3gie SAV, v.v.i., \u00dastav ekol\u00f3gie lesa SAV, v.v.i. a&nbsp;V\u00fdskumn\u00e1 stanica TANAP.<\/p>\n\n\n\n<p>Hlavn\u00fdm cie\u013eom projektu je identifikova\u0165 straty p\u00f4dneho uhl\u00edka respir\u00e1ciou a vyl\u00fahovan\u00edm a identifikova\u0165 k\u013e\u00fa\u010dov\u00e9 faktory pozd\u013a\u017e v\u00fd\u0161kov\u00e9ho gradientu reprezentuj\u00faceho hlavn\u00e9 lesn\u00e9 spolo\u010denstv\u00e1 v Z\u00e1padn\u00fdch Karpatoch. \u0160tudijn\u00e9 plochy sa nach\u00e1dzaj\u00fa na lokalit\u00e1ch ur\u010den\u00fdch na dlhodob\u00fd ekologick\u00fd v\u00fdskum v r\u00e1mci siete LTER Slovensko. Mo\u017en\u00fd vplyv zv\u00fd\u0161enej teploty na toky C v p\u00f4de sledovan\u00fdch ekosyst\u00e9mov monitorujeme pomocou otvoren\u00fdch sklen\u00edkov. Pre spo\u013eahliv\u00fd odhad prirodzene ve\u013emi premenliv\u00fdch tokov p\u00f4dneho C sme optimalizovali strat\u00e9giu odoberania vzoriek pre ka\u017ed\u00fd \u0161tudovan\u00fd ekosyst\u00e9m na z\u00e1klade individu\u00e1lnej priestorovej stratifik\u00e1cie a frekvencie merania.<br>Projekt sa rie\u0161i na t\u00fdchto lokalit\u00e1ch LTER:<\/p>\n\n\n\n<ul class=\"wp-block-list\">\n<li><strong>B\u00e1b<\/strong> \u2013 n\u00ed\u017einn\u00fd dubov\u00fd les, nadmorsk\u00e1 v\u00fd\u0161ka 210 m;<\/li>\n\n\n\n<li><strong>EES Kremnick\u00e9 vrchy<\/strong> \u2013 bukov\u00fd les, 500 m n.m.;<\/li>\n\n\n\n<li><strong>Biosf\u00e9rick\u00e1 rezerv\u00e1cia Po\u013eana<\/strong> (Hukavsk\u00fd gr\u00fa\u0148) \u2013 zmie\u0161an\u00fd bukovo-jed\u013eovo-smrekov\u00fd les, 850 m n.m.;<\/li>\n\n\n\n<li><strong>Tatransk\u00fd n\u00e1rodn\u00fd park<\/strong> \u2013 horsk\u00fd smrekov\u00fd les, 1 100 m n.m..<\/li>\n<\/ul>\n\n\n\n<h4 class=\"wp-block-heading\"><strong>Rozvoj a posilnenie dlhodob\u00e9ho ekologick\u00e9ho v\u00fdskumu vybran\u00fdch typov ekosyst\u00e9mov<\/strong><\/h4>\n\n\n\n<p>Projekt grantovej agent\u00fary VEGA \u010d. 2\/0107\/25. Rie\u0161ite\u013esk\u00e1 organiz\u00e1cia: \u00dastav krajinnej ekol\u00f3gie SAV, v.v.i., ved\u00faci projektu: RNDr. Peter Gajdo\u0161, CSc. Obdobie rie\u0161enia: 1.1.2025 \u2013 31.12.2028.<br>Projekt je zameran\u00fd na rozvoj dlhodob\u00e9ho ekologick\u00e9ho v\u00fdskumu vybran\u00fdch ekosyst\u00e9mov na Slovensku ako pr\u00edspevok k&nbsp;budovaniu n\u00e1rodnej \u010dasti distribuovanej eur\u00f3pskej v\u00fdskumnej infra\u0161trukt\u00fary eLTER (eLTER RI). Hlavn\u00fdm cie\u013eom projektu je dosiahnu\u0165 komplexn\u00e9 \u0161t\u00fadium vybran\u00fdch ekosyst\u00e9mov v&nbsp;s\u00falade s&nbsp;celostn\u00fdm pr\u00edstupom a \u0161tandardn\u00fdmi pozorovaniami, ktor\u00e9 formulovala sie\u0165 eLTER. Treba doplni\u0165 n\u00e1\u0161 doteraj\u0161\u00ed v\u00fdskum o&nbsp;tie \u0161tandardn\u00e9 pozorovania, ktor\u00e9 s\u00fa po\u017eadovan\u00e9 pre patri\u010dn\u00fd typ ekosyst\u00e9mu a&nbsp;ktor\u00e9 n\u00e1m na jednotliv\u00fdch lokalit\u00e1ch ch\u00fdbaj\u00fa. S&nbsp;t\u00fdm s\u00favis\u00ed zlep\u0161enie in\u0161trumentaliz\u00e1cie \u0161tudovan\u00fdch lokal\u00edt a&nbsp;zavedenie nov\u00fdch met\u00f3d v\u00fdskumu. Zv\u00fd\u0161en\u00fa pozornos\u0165 budeme venova\u0165 pr\u00e1ci s&nbsp;d\u00e1tami \u2013 ich \u0161trukt\u00fare kompatibilnej so \u0161tandardami&nbsp; eLTER, ich ukladaniu, spravovaniu a&nbsp;spr\u00edstupneniu na vyu\u017eitie. S\u00fa\u010das\u0165ou projektu je pokra\u010dovanie v&nbsp;dlhodobom \u0161t\u00fadiu zne\u010distenia ovzdu\u0161ia Slovenska pomocou machorastov so zameran\u00edm na lesn\u00e9 a&nbsp;vybran\u00e9 nelesn\u00e9 ekosyst\u00e9my.<\/p>\n\n\n\n<h3 class=\"wp-block-heading\">Medzin\u00e1rodn\u00e9 projekty<\/h3>\n\n\n\n<div class=\"wp-block-group is-nowrap is-layout-flex wp-container-core-group-is-layout-ad2f72ca wp-block-group-is-layout-flex\">\n<h4 class=\"wp-block-heading\"><strong>eLTER PPP<\/strong><\/h4>\n\n\n\n<figure class=\"wp-block-image size-large is-resized\"><img loading=\"lazy\" decoding=\"async\" width=\"1024\" height=\"346\" src=\"https:\/\/lter.sav.sk\/wp-content\/uploads\/eLTER_PPP-1024x346.png\" alt=\"\" class=\"wp-image-301\" style=\"width:236px;height:auto\" srcset=\"https:\/\/lter.sav.sk\/wp-content\/uploads\/eLTER_PPP-1024x346.png 1024w, https:\/\/lter.sav.sk\/wp-content\/uploads\/eLTER_PPP-300x101.png 300w, https:\/\/lter.sav.sk\/wp-content\/uploads\/eLTER_PPP-768x260.png 768w, https:\/\/lter.sav.sk\/wp-content\/uploads\/eLTER_PPP-1536x519.png 1536w, https:\/\/lter.sav.sk\/wp-content\/uploads\/eLTER_PPP-2048x692.png 2048w\" sizes=\"auto, (max-width: 1024px) 100vw, 1024px\" \/><\/figure>\n<\/div>\n\n\n\n<p>Projekt eLTER PPP (projekt pr\u00edpravnej f\u00e1zy eLTER) je koordina\u010dn\u00e1 a podporn\u00e1 akcia financovan\u00e1 z programu HORIZONT 2020 na pr\u00edpravu eur\u00f3pskej v\u00fdskumnej infra\u0161trukt\u00fary ESFRI pre integrovan\u00fd dlhodob\u00fd v\u00fdskum ekosyst\u00e9mov, kritickej z\u00f3ny a socio-ekologick\u00fdch syst\u00e9mov (eLTER RI).<\/p>\n\n\n\n<p>Hlavn\u00e9 ciele eLTER PPP:<\/p>\n\n\n\n<p>\u2022 Pripravi\u0165 v\u0161etky po\u017eadovan\u00e9 pl\u00e1novacie dokumenty a \u0161pecifik\u00e1cie potrebn\u00e9 pre rozhodovanie na vysokej \u00farovni a z\u00e1v\u00e4zky pre vybudovanie a prev\u00e1dzku eLTER RI<\/p>\n\n\n\n<p>\u2022 Koordinova\u0165 rozhodovacie procesy smerom k implement\u00e1cii eLTER RI ako pr\u00e1vnick\u00e1 osoba (Eur\u00f3pske konzorcium pre v\u00fdskumn\u00e9 infra\u0161trukt\u00fary &#8211; ERIC) na eur\u00f3pskej a s\u00favisiacich n\u00e1rodn\u00fdch \u00farovniach (proces eLTER ESFRI)<\/p>\n\n\n\n<p>\u2022 eLTER PPP \u00fazko spolupracuje s eLTER PLUS s cie\u013eom zabezpe\u010di\u0165 \u010do najvy\u0161\u0161iu relevantnos\u0165 slu\u017eieb eLTER RI pre s\u00favisiace v\u00fdskumn\u00e9 komunity a \u010fal\u0161ie skupiny pou\u017e\u00edvate\u013eov eLTER RI<\/p>\n\n\n\n<p>Viac inform\u00e1ci\u00ed: <a href=\"https:\/\/elter-ri.eu\/elter-ppp\" target=\"_blank\" rel=\"noreferrer noopener\">https:\/\/elter-ri.eu\/elter-ppp<\/a><\/p>\n\n\n\n<div class=\"wp-block-group is-nowrap is-layout-flex wp-container-core-group-is-layout-ad2f72ca wp-block-group-is-layout-flex\">\n<h4 class=\"wp-block-heading\"><strong>eLTER PLUS<\/strong><\/h4>\n\n\n\n<figure class=\"wp-block-image size-large is-resized\"><a href=\"elter-ri.eu\/elter-plus\"><img loading=\"lazy\" decoding=\"async\" width=\"1024\" height=\"317\" src=\"https:\/\/lter.sav.sk\/wp-content\/uploads\/output-onlinejpgtools-1024x317.png\" alt=\"\" class=\"wp-image-522\" style=\"width:250px;height:auto\" srcset=\"https:\/\/lter.sav.sk\/wp-content\/uploads\/output-onlinejpgtools-1024x317.png 1024w, https:\/\/lter.sav.sk\/wp-content\/uploads\/output-onlinejpgtools-300x93.png 300w, https:\/\/lter.sav.sk\/wp-content\/uploads\/output-onlinejpgtools-768x238.png 768w, https:\/\/lter.sav.sk\/wp-content\/uploads\/output-onlinejpgtools-1536x476.png 1536w, https:\/\/lter.sav.sk\/wp-content\/uploads\/output-onlinejpgtools-2048x635.png 2048w\" sizes=\"auto, (max-width: 1024px) 100vw, 1024px\" \/><\/a><\/figure>\n<\/div>\n\n\n\n<p>Pokro\u010dil\u00fd komunitn\u00fd projekt (Advanced community project)&nbsp; pre v\u00fdskumn\u00fa infra\u0161trukt\u00faru&nbsp; ESFRI pre integrovan\u00fd dlhodob\u00fd v\u00fdskum ekosyst\u00e9mov, kritickej z\u00f3ny a socio-ekologick\u00fdch syst\u00e9mov (eLTER PLUS) je v\u00fdskumn\u00e1 a inova\u010dn\u00e1 akcia (RIA) financovan\u00e1 z programu HORIZONT 2020 s tromi hlavn\u00fdmi piliermi: budovanie siet\u00ed, spolo\u010dn\u00e9 v\u00fdskumn\u00e9 aktivity a nadn\u00e1rodn\u00fd, vzdialen\u00fd a virtu\u00e1lny pr\u00edstup k&nbsp;zdrojom eLTER. Je \u00fazko prepojen\u00e1 s projekt pr\u00edpravnej f\u00e1zy eLTER (eLTER PPP) a prispieva k implement\u00e1cii v\u00fdskumnej infra\u0161trukt\u00fary eLTER (eLTER RI).<\/p>\n\n\n\n<p>Pokro\u010dil\u00fd komunitn\u00fd projekt eLTER PLUS vykon\u00e1va test v\u00fdkonnosti vznikaj\u00facej v\u00fdskumnej infra\u0161trukt\u00fary eLTER RI, pri\u010dom hodnot\u00ed a posil\u0148uje jeho prev\u00e1dzku. Vybran\u00e9 lokality a&nbsp;platformy, zameran\u00e9 na suchozemsk\u00e9, sladkovodn\u00e9 a&nbsp;brakick\u00e9 ekosyst\u00e9my sa vyu\u017e\u00edvaj\u00fa na \u0161t\u00fadium integrity ekosyst\u00e9mov, vplyvov zmeny kl\u00edmy a ohrozen\u00fdch ekosyst\u00e9mov\u00fdch slu\u017eieb v celoeur\u00f3pskom meradle. Popri t\u00fdchto pr\u00edpadov\u00fdch \u0161t\u00fadi\u00e1ch eLTER PLUS identifikuje a hodnot\u00ed inovat\u00edvne pozorovacie a analytick\u00e9 met\u00f3dy, vyprac\u00fava podrobn\u00e9 \u0161pecifik\u00e1cie eLTER RI pod\u013ea potrieb spolo\u010dnosti (\u0161tandardn\u00e9 pozorovania, dizajn lokal\u00edt), podporuje spolupr\u00e1cu, vzdel\u00e1vanie a \u0161kolenia a&nbsp;pripravuje pilotn\u00e9 prioritn\u00e9 slu\u017eby (IT a in\u00e1 podpora).<\/p>\n\n\n\n<p>Viac inform\u00e1ci\u00ed: <a href=\"https:\/\/elter-ri.eu\/elter-plus\" target=\"_blank\" rel=\"noreferrer noopener\">https:\/\/elter-ri.eu\/elter-plus<\/a><\/p>\n\n\n\n<p><\/p>\n","protected":false},"excerpt":{"rendered":"<p>Manu\u00e1ly, protokoly a&nbsp;metodiky eLTER Standard ObservationseLTER Standard Protocols&nbsp;ICP Forest manualss&nbsp;&nbsp;UK ECN ProtocolsInternational Tundra Experiment (ITEX)&nbsp;&nbsp;&nbsp;&nbsp;&nbsp;&nbsp;&nbsp;&nbsp;&nbsp;&nbsp;&nbsp;&nbsp;&nbsp;&nbsp;&nbsp;&nbsp;&nbsp;&nbsp;&nbsp;&nbsp;&nbsp;&nbsp;&nbsp;&nbsp;&nbsp;&nbsp;&nbsp;&nbsp;&nbsp;&nbsp;&nbsp;&nbsp;&nbsp;&nbsp;&nbsp;&nbsp;&nbsp;&nbsp;&nbsp;&nbsp;&nbsp;&nbsp;&nbsp;&nbsp;&nbsp;&nbsp;&nbsp;&nbsp;&nbsp;&nbsp; Projekty N\u00e1rodn\u00e9 projekty&nbsp;&nbsp;&nbsp;&nbsp;&nbsp;&nbsp;&nbsp;&nbsp;&nbsp;&nbsp;&nbsp;&nbsp;&nbsp;&nbsp;&nbsp;&nbsp;&nbsp;&nbsp;&nbsp;&nbsp;&nbsp;&nbsp;&nbsp;&nbsp;&nbsp;&nbsp;&nbsp;&nbsp;&nbsp;&nbsp;&nbsp;&nbsp; CALTER &#8211;&nbsp; Toky uhl\u00edka v p\u00f4de hlavn\u00fdch typov lesn\u00fdch&nbsp; ekosyst\u00e9mov na v\u00fd\u0161kovom gradiente Z\u00e1padn\u00fdch Karp\u00e1t Projekt je financovan\u00fd grantovou agent\u00farou APVV, koordinuje ho Technick\u00e1 univerzita vo Zvolene, ved\u00facim projektu je doc. Peter Fleischer st. Ide o prv\u00fd&#8230;<\/p>\n","protected":false},"author":1,"featured_media":0,"parent":0,"menu_order":0,"comment_status":"closed","ping_status":"closed","template":"","meta":{"_kad_post_transparent":"","_kad_post_title":"","_kad_post_layout":"","_kad_post_sidebar_id":"","_kad_post_content_style":"","_kad_post_vertical_padding":"","_kad_post_feature":"","_kad_post_feature_position":"","_kad_post_header":false,"_kad_post_footer":false,"_kad_post_classname":"","footnotes":""},"class_list":["post-91","page","type-page","status-publish","hentry"],"_links":{"self":[{"href":"https:\/\/lter.sav.sk\/index.php\/wp-json\/wp\/v2\/pages\/91","targetHints":{"allow":["GET"]}}],"collection":[{"href":"https:\/\/lter.sav.sk\/index.php\/wp-json\/wp\/v2\/pages"}],"about":[{"href":"https:\/\/lter.sav.sk\/index.php\/wp-json\/wp\/v2\/types\/page"}],"author":[{"embeddable":true,"href":"https:\/\/lter.sav.sk\/index.php\/wp-json\/wp\/v2\/users\/1"}],"replies":[{"embeddable":true,"href":"https:\/\/lter.sav.sk\/index.php\/wp-json\/wp\/v2\/comments?post=91"}],"version-history":[{"count":10,"href":"https:\/\/lter.sav.sk\/index.php\/wp-json\/wp\/v2\/pages\/91\/revisions"}],"predecessor-version":[{"id":526,"href":"https:\/\/lter.sav.sk\/index.php\/wp-json\/wp\/v2\/pages\/91\/revisions\/526"}],"wp:attachment":[{"href":"https:\/\/lter.sav.sk\/index.php\/wp-json\/wp\/v2\/media?parent=91"}],"curies":[{"name":"wp","href":"https:\/\/api.w.org\/{rel}","templated":true}]}}